{"id":28,"date":"2019-08-15T16:58:35","date_gmt":"2019-08-15T19:58:35","guid":{"rendered":"http:\/\/businesstech.net.br\/btf\/?page_id=28"},"modified":"2019-09-09T12:15:57","modified_gmt":"2019-09-09T15:15:57","slug":"assista","status":"publish","type":"page","link":"https:\/\/businesstech.net.br\/btf\/assista\/","title":{"rendered":"ASSISTA"},"content":{"rendered":"<div align=\"center\"><span style=\"font-size: 18pt;\"><strong>Aqui, voc\u00ea pode assistir \u00e0s sess\u00f5es dos eventos anteriores. Basta se cadastrar:<\/strong><\/span><\/p>\n<table style=\"width: 90%;\" border=\"0\" width=\"76%\">\n<tbody>\n<tr>\n<td style=\"width: 42.1434%;\" width=\"44%\">\n<h5 style=\"text-align: left;\" align=\"center\"><span style=\"text-decoration: underline;\"><strong>Como gerenciar a infraestrutura tecnol\u00f3gica numa institui\u00e7\u00e3o de ensino<\/strong><\/span><\/h5>\n<h3 align=\"left\"><strong><span style=\"font-size: 14pt;\">C<\/span><\/strong><span style=\"font-size: 14pt;\"><strong>ARLOS DALMARCO<\/strong>,<\/span> <span style=\"font-size: 14pt;\">Consultor de projetos audiovisuais<\/span><\/h3>\n<p style=\"text-align: left;\"><span style=\"font-size: 14pt;\"><img decoding=\"async\" class=\"alignleft\" src=\"https:\/\/www.businesstech.net.br\/site\/wp-content\/uploads\/2019\/03\/carlos_dalmarco-1.jpg\" width=\"80\" height=\"80\" \/>A educa\u00e7\u00e3o moderna exige uma base tecnol\u00f3gica, tanto dentro da sala de aula quanto em todas as depend\u00eancias da escola. <\/span><\/p>\n<p style=\"text-align: left;\"><span style=\"font-size: 14pt;\">Como planejar as solu\u00e7\u00f5es mais adequadas e dimensionar os investimentos ao longo do tempo, para trazer aos alunos, professores e funcion\u00e1rios os recursos necess\u00e1rios ao aumento de sua produtividade? <\/span><span style=\"font-size: 14pt; font-family: inherit;\">Esta apresenta\u00e7\u00e3o servir\u00e1 de guia para gestores e tomadores de decis\u00e3o em ambientes de ensino e\/ou treinamento profissional.<\/span><\/p>\n<p style=\"text-align: left;\"><a href=\"https:\/\/www.businesstech.net.br\/site\/compre-e-assista-as-palestras-do-business-tech-forum\/\"><img decoding=\"async\" class=\"alignnone size-full wp-image-320\" src=\"https:\/\/businesstech.net.br\/btf\/wp-content\/uploads\/2019\/09\/assista_aqui.png\" alt=\"\" width=\"264\" height=\"86\" \/><\/a><\/p>\n<\/td>\n<td style=\"width: 4.10959%;\" width=\"0%\"><\/td>\n<td style=\"width: 4.10959%;\" width=\"3%\"><\/td>\n<td style=\"width: 52.9412%;\" width=\"53%\">\n<h5 style=\"text-align: left;\" align=\"center\"><span style=\"text-decoration: underline;\"><strong>Intelig\u00eancia Artificial <\/strong><\/span><span style=\"text-decoration: underline;\"><strong>e IoT na Educa\u00e7\u00e3o<\/strong><\/span><\/h5>\n<p style=\"text-align: left;\" align=\"center\"><span style=\"font-size: 14pt;\"><strong>ANDR\u00c9 LUIS ATIQUE<\/strong>,<\/span> <span style=\"font-size: 14pt;\">Technology Manager na Athi\u00e9 Wohnrath<\/span><\/p>\n<p style=\"text-align: left;\"><span style=\"text-align: left; font-size: 14pt;\"><img decoding=\"async\" class=\"size-full wp-image-6000 alignleft\" src=\"https:\/\/www.businesstech.net.br\/site\/wp-content\/uploads\/2019\/03\/andre_atique.jpg\" alt=\"\" width=\"80\" height=\"80\" \/>Este \u00e9 um dos segmentos que j\u00e1 est\u00e3o se beneficiando dos recursos de IA, IoT, Big Data e Video Analytics.<\/span><\/p>\n<p style=\"text-align: left;\" align=\"center\"><span style=\"text-align: left; font-size: 14pt;\">A apresenta\u00e7\u00e3o vai detalhar tend\u00eancias e demonstrar os setores e procedimentos, dentro da estrutura de ensino, onde os avan\u00e7os s\u00e3o mais importantes, tais como conte\u00fados adaptados ao perfil de cada aluno (ou grupo de alunos); agilidade na an\u00e1lise de testes de aprendizado; e refor\u00e7o na forma\u00e7\u00e3o e atualiza\u00e7\u00e3o dos professores, entre outros.<\/span><\/p>\n<p>          <a href=\"https:\/\/www.businesstech.net.br\/site\/compre-e-assista-as-palestras-do-business-tech-forum\/\"><img decoding=\"async\" class=\"alignnone size-full wp-image-320\" src=\"https:\/\/businesstech.net.br\/btf\/wp-content\/uploads\/2019\/09\/assista_aqui.png\" alt=\"\" width=\"264\" height=\"86\" \/><\/a><\/p>\n<p>        &nbsp;<\/td>\n<\/tr>\n<tr>\n<td style=\"width: 42.1434%;\">&nbsp;<\/td>\n<td style=\"width: 4.10959%;\"><\/td>\n<td style=\"width: 4.10959%;\"><\/td>\n<td style=\"width: 52.9412%;\">&nbsp;<\/td>\n<\/tr>\n<tr>\n<td style=\"width: 42.1434%;\"><\/td>\n<td style=\"width: 4.10959%;\"><\/td>\n<td style=\"width: 4.10959%;\"><\/td>\n<td style=\"width: 52.9412%;\"><\/td>\n<\/tr>\n<tr>\n<td style=\"width: 42.1434%;\">\n<h5 style=\"text-align: left;\"><span style=\"text-decoration: underline;\"><strong>Introdu\u00e7\u00e3o \u00e0s ferramentas Google for Education para sala de aula<\/strong><\/span><\/h5>\n<p style=\"text-align: left;\"><span style=\"font-size: 14pt;\"><strong>LUIS CARLOS DE CARVALHO<\/strong>,<\/span> <span style=\"font-size: 14pt;\">diretor Comercial da Foreducation EdTech \u2013 Google for Education Partner<\/span><\/p>\n<p style=\"text-align: left;\"><span style=\"font-size: 14pt;\"><img loading=\"lazy\" decoding=\"async\" class=\"size-full wp-image-6027 alignleft\" src=\"https:\/\/www.businesstech.net.br\/site\/wp-content\/uploads\/2019\/03\/luiz_carlos.jpg\" alt=\"\" width=\"80\" height=\"80\" \/>Nesta apresenta\u00e7\u00e3o, educadores e gestores de ensino poder\u00e3o entender melhor as principais ferramentas Google utilizadas em institui\u00e7\u00f5es do mundo inteiro. <\/span><\/p>\n<p style=\"text-align: left;\"><span style=\"font-size: 14pt;\">G Suite for Education, Google Cloud Platform e Chromebooks, entre outras, s\u00e3o solu\u00e7\u00f5es que v\u00eam revolucionando a arte de ensinar para milh\u00f5es de estudantes de todos os n\u00edveis.<\/span><\/p>\n<p>          &nbsp;<\/p>\n<p style=\"text-align: left;\"><a href=\"https:\/\/www.businesstech.net.br\/site\/compre-e-assista-as-palestras-do-business-tech-forum\/\"><img decoding=\"async\" class=\"alignnone size-full wp-image-320\" src=\"https:\/\/businesstech.net.br\/btf\/wp-content\/uploads\/2019\/09\/assista_aqui.png\" alt=\"\" width=\"264\" height=\"86\" \/><\/a><\/p>\n<p>        &nbsp;<\/td>\n<td style=\"width: 4.10959%;\"><\/td>\n<td style=\"width: 4.10959%;\"><\/td>\n<td style=\"width: 52.9412%;\">\n<h5 style=\"text-align: left;\"><span style=\"text-decoration: underline;\"><strong>CASE: Universidade Insper e o uso consciente da tecnologia<\/strong><\/span><\/h5>\n<p style=\"text-align: left;\"><span style=\"font-size: 14pt;\"><strong>BRUNO CRUZ<\/strong>, gerente de Service Desk, Insper<\/span><\/p>\n<p style=\"text-align: left;\"><span style=\"font-size: 14pt;\"><img loading=\"lazy\" decoding=\"async\" class=\"size-full wp-image-6009 alignleft\" src=\"https:\/\/www.businesstech.net.br\/site\/wp-content\/uploads\/2019\/03\/bruno_insper.jpg\" alt=\"\" width=\"80\" height=\"80\" \/>Com base nas melhores pr\u00e1ticas das institui\u00e7\u00f5es de ensino americanas, o Insper representa um dos melhores exemplos de como a tecnologia, quando bem utilizada, pode trazer avan\u00e7os na educa\u00e7\u00e3o. <\/span><\/p>\n<p style=\"text-align: left;\"><span style=\"font-size: 14pt;\">A apresenta\u00e7\u00e3o ir\u00e1 destacar os conceitos que nortearam a constru\u00e7\u00e3o das duas sedes em S\u00e3o Paulo, a escolha planejada dos equipamentos e a pr\u00e1tica de funcion\u00e1rios e professores visando criar ambientes de aprendizado mais agrad\u00e1veis e produtivos.<\/span><\/p>\n<p>          &nbsp;<\/p>\n<p style=\"text-align: left;\"><a href=\"https:\/\/www.businesstech.net.br\/site\/compre-e-assista-as-palestras-do-business-tech-forum\/\"><img decoding=\"async\" class=\"alignnone size-full wp-image-320\" src=\"https:\/\/businesstech.net.br\/btf\/wp-content\/uploads\/2019\/09\/assista_aqui.png\" alt=\"\" width=\"264\" height=\"86\" \/><\/a><\/p>\n<p>        &nbsp;<\/td>\n<\/tr>\n<\/tbody>\n<\/table>\n<\/div>\n","protected":false},"excerpt":{"rendered":"<p>Aqui, voc\u00ea pode assistir \u00e0s sess\u00f5es dos eventos anteriores. Basta se cadastrar: Como gerenciar a infraestrutura tecnol\u00f3gica numa institui\u00e7\u00e3o de ensino CARLOS DALMARCO, Consultor de projetos audiovisuais A educa\u00e7\u00e3o moderna exige uma base tecnol\u00f3gica, tanto dentro da sala de aula quanto em todas as depend\u00eancias da escola. Como planejar as&hellip;<\/p>\n","protected":false},"author":1,"featured_media":0,"parent":0,"menu_order":0,"comment_status":"closed","ping_status":"closed","template":"fullwidth-template.php","meta":{"footnotes":""},"class_list":["post-28","page","type-page","status-publish","hentry"],"_links":{"self":[{"href":"https:\/\/businesstech.net.br\/btf\/wp-json\/wp\/v2\/pages\/28","targetHints":{"allow":["GET"]}}],"collection":[{"href":"https:\/\/businesstech.net.br\/btf\/wp-json\/wp\/v2\/pages"}],"about":[{"href":"https:\/\/businesstech.net.br\/btf\/wp-json\/wp\/v2\/types\/page"}],"author":[{"embeddable":true,"href":"https:\/\/businesstech.net.br\/btf\/wp-json\/wp\/v2\/users\/1"}],"replies":[{"embeddable":true,"href":"https:\/\/businesstech.net.br\/btf\/wp-json\/wp\/v2\/comments?post=28"}],"version-history":[{"count":39,"href":"https:\/\/businesstech.net.br\/btf\/wp-json\/wp\/v2\/pages\/28\/revisions"}],"predecessor-version":[{"id":467,"href":"https:\/\/businesstech.net.br\/btf\/wp-json\/wp\/v2\/pages\/28\/revisions\/467"}],"wp:attachment":[{"href":"https:\/\/businesstech.net.br\/btf\/wp-json\/wp\/v2\/media?parent=28"}],"curies":[{"name":"wp","href":"https:\/\/api.w.org\/{rel}","templated":true}]}}